{"id":351,"date":"2023-08-02T12:29:58","date_gmt":"2023-08-02T12:29:58","guid":{"rendered":"https:\/\/assisoft-kitdigital.com\/arrels\/?page_id=351"},"modified":"2024-08-07T14:06:00","modified_gmt":"2024-08-07T14:06:00","slug":"serveis","status":"publish","type":"page","link":"https:\/\/consultoriarrels.cat\/esp\/serveis\/","title":{"rendered":"Servicios"},"content":{"rendered":"<p>[et_pb_section fb_built=\u201d1\u2033 _builder_version=\u201d4.23.1\u2033 _module_preset=\u201ddefault\u201d background_image=\u201dhttp:\/\/consultoriarrels.cat\/wp-content\/uploads\/2023\/11\/consultoria-persona-treballant-a-la- su-oficina-scaled.jpeg\u201d height=\u201d103vh\u201d custom_margin=\u201d-100px||||false|false\u201d global_colors_info=\u201d{}\u201d][et_pb_row _builder_version=\u201d4.21.0\u2033 _module_preset=\u201ddefault\u201d max_ 1300px\u201d height=\u201d100%\u201d custom_css_main_element=\u201ddisplay: flex;||flex-direction: column;||justify-content: center;\u201d locked=\u201doff\u201d global_colors_info=\u201d{}\u201d][et_pb_column type=\u201d4_4\u2033 _builder_version=\u201d4.21.0\u2033 _module_preset=\u201ddefault\u201d global_colors_info=\u201d{}\u201d][et_pb_text _builder_version=\u201d4.23.\u2033 default\u201d text_font=\u201dPoppins||||||||\u201d text_text_color=\u201d#FFFFFF\u201d text_font_size=\u201d48px\u201d text_line_height=\u201d1em\u201d header_font=\u201dPoppins|||on|||||| header_text_color=\u201d#EAA53E\u201d header_font_size=\u201d26px\u201d global_colors_info=\u201d{}\u201d]<\/p>\n<h1 style=\"text-shadow: 0px 0px 15px rgba(0,0,0,0.5);\">Arraigamos juntos<\/h1>\n<p><span style=\"text-shadow: 0px 0px 15px rgba(0,0,0,0.5);\">Con la confianza de nuestro acompa\u00f1amiento global<\/span>[\/et_pb_text][\/et_pb_column][\/et_pb_row][\/et_pb_section][et_pb_section fb_built=\u201d1\u2033 _builder_version=\u201d4.21.0\u2033 _module_preset=\u201ddefault\u201d background_enable_color=\u201doff\u201d|cus| false\u201d global_colors_info=\u201d{}\u201d][et_pb_row column_structure=\u201d1_2,1_2\u2033 _builder_version=\u201d4.21.0\u2033 _module_preset=\u201ddefault\u201d max_width=\u201d1300px\u201d global_colors_info=\u201d{}\u201d][et_p =\u201d4.21.0\u2033 _module_preset=\u201ddefault\u201d global_colors_info=\u201d{}\u201d][et_pb_text _builder_version=\u201d4.23.1\u2033 _module_preset=\u201ddefault\u201d header_2_font=\u201dRoboto|300||on||||||\u201d header_2_font_size=\u201d42px\u201d custom_margin=\u201d||10px||false|false\u201d locked=\u201doff\u201d global_colors_info=\u201d{}\u201d]<\/p>\n<h2>Servicios que <span style=\"font-weight: 500; font-family: Poppins; color: #c88800\">ofrecemos<\/span><\/h2>\n<p>[\/et_pb_text][et_pb_divider color=\u201d#c88800\u2033 divider_weight=\u201d3px\u201d _builder_version=\u201d4.23.1\u2033 _module_preset=\u201ddefault\u201d width=\u201d20%\u201d module_alignment=\u201dleft\u201d [\/et_pb_divider][et_pb_text _builder_version=\u201d4.23.1\u2033 _module_preset=\u201ddefault\u201d text_font=\u201dPoppins|300||||||||\u201d global_colors_info=\u201d{}\u201d]<\/p>\n<p>En la Consultor\u00eda Arrels <strong>somos tu aliado estrat\u00e9gico para tu crecimiento empresarial.<\/strong><\/p>\n<p>Nuestra amplia gama de servicios de consultor\u00eda est\u00e1 dise\u00f1ada para abordar desaf\u00edos y aprovechar oportunidades, gui\u00e1ndote hacia el \u00e9xito en el mundo empresarial.<\/p>\n<p>Con un equipo de expertos experimentados y soluciones a medida, <strong>estamos aqu\u00ed para nutrir y fortalecer tu negocio desde las ra\u00edces.<\/strong><\/p>\n<p>[\/et_pb_text][\/et_pb_column][et_pb_column type=\u201d1_2\u2033 _builder_version=\u201d4.21.0\u2033 _module_preset=\u201ddefault\u201d global_colors_info=\u201d{}\u201d][et_pb_image src=\u201dhttp:\/\/consultoriarrels.cat\/wp \/uploads\/2023\/08\/consultoria-persones-trabajando-ordenador-scaled.jpeg\u201d alt=\u201dConsultores trabajando con un ordenador\u201d title_text=\u201dConsultores trabajando con un ordenador\u201d _builder_version=\u201d4.27.0\u2033 _module_preset=\u201ddefault\u201d =\u201d{}\u201d][\/et_pb_image][\/et_pb_column][\/et_pb_row][\/et_pb_section][et_pb_section fb_built=\u201d1\u2033 _builder_version=\u201d4.21.0\u2033 _module_preset=\u201ddefault\u201d background_color=\u201d1 }\u201d][et_pb_row column_structure=\u201d1_3,1_3,1_3\u2033 make_equal=\u201don\u201d _builder_version=\u201d4.21.0\u2033 _module_preset=\u201ddefault\u201d max_width=\u201d1300px\u201d global_colors_info=\u201d{}\u201d][ _builder_version=\u201d4.21.0\u2033 _module_preset=\u201ddefault\u201d custom_css_main_element=\u201ddisplay: flex;||flex-direction: column;||justify-content: center;\u201d global_colors_info=&quot;{}&quot;][et_pb_blurb title=&quot;Asesor\u00eda laboral&quot; url=&quot;#asesor\u00eda-laboral&quot; use_icon=&quot;on&quot; font_icon=&quot;\uf0b1||fa||900&quot; icon_color=&quot;#004AAD&quot; icon_placement=&quot;left&quot; \u201d4.23.1\u2033 _module_preset=\u201ddefault\u201d header_level=\u201dh3\u2033 header_font=\u201dPoppins||||||||| header_font_size=\u201d26px\u201d custom_css_blurb_image=\u201dvertical-align: middle;||position: relative;\u201d custom_css_blurb_title=\u201dpadding-top: 13px\u201d global_colors_info=\u201d{}\u201d header_text_color__hover_enabled=\u201don|hover\u201d header_text_color__hover=\u201d#004AAD\u201d][\/et_pb_blurb]_\/et_p =\u201d4.21.0\u2033 _module_preset=\u201ddefault\u201d custom_css_main_element=\u201ddisplay: flex;||flex-direction: column;||justify-content: center;\u201d global_colors_info=\u201d{}\u201d][et_pb_blurb title=\u201dConsultor\u00eda laboral\u201d url=\u201d#consultor\u00eda-laboral\u201d use_icon=\u201don\u201d font_icon=\u201d\uf4fc||fa||900\u2033 icon_color=\u201d#004AAD\u201d icon_placement=\u201dleft \u201d4.23.1\u2033 _module_preset=\u201ddefault\u201d header_level=\u201dh3\u2033 header_font=\u201dPoppins||||||||| header_font_size=\u201d26px\u201d custom_css_blurb_image=\u201dvertical-align: middle;||position: relative;\u201d custom_css_blurb_title=\u201dpadding-top: 13px\u201d locked=\u201doff\u201d global_colors_info=\u201d{}\u201d header_text_color__hover_enabled=\u201don|hover\u201d header_text_color__hover=\u201d#004AAD\u201d][\/et_pb_bl _builder_version= \u201d4.21.0\u2033 _module_preset=\u201ddefault\u201d custom_css_main_element=\u201ddisplay: flex;||flex-direction: column;||justify-content: center;\u201d global_colors_info=\u201d{}\u201d][et_pb_blurb title=\u201dAsesor\u00eda fiscal y contable\u201d url=\u201d#asesor\u00eda-fiscal\u201d use_icon=\u201don\u201d font_icon=\u201d\uf153||fa||900\u2033 icon_color=\u201d#004AAD\u201d icon_placement= _builder_version=\u201d4.23.1\u2033 _module_preset=\u201ddefault\u201d header_level=\u201dh3\u2033 header_font=\u201dPoppins||||||||| header_font_size=\u201d26px\u201d custom_css_blurb_image=\u201dvertical-align: middle;||position: relative;\u201d custom_css_blurb_title=\u201dpadding-top: 13px\u201d locked=\u201doff\u201d global_colors_info=\u201d{}\u201d header_text_color__hover_enabled=\u201don|hover\u201d header_text_color__hover=\u201d#004AAD\u201d][\/et_pb_bl row column_structure=\u201d 1_3,1_3,1_3\u2033 make_equal=\u201ddonde\u201d _builder_version=\u201d4.21.0\u2033 _module_preset=\u201ddefault\u201d max_width=\u201d1300px\u201d global_colors_info=\u201d{}\u201d][et_pb_column type=\u201d1_3\u2033 _bu. =\u201ddefault\u201d custom_css_main_element=\u201ddisplay: flex;||flex-direction: column;||justify-content: center;\u201d global_colors_info=\u201d{}\u201d][et_pb_blurb title=\u201dGesti\u00f3n de bonificaciones de las formaciones\u201d url=\u201d#gestio-de-bonificaciones\u201d use_icon=\u201don\u201d font_icon=\u201d\uf19d||fa||900\u2033 icon_color=\u201d#004AAD =\u201dleft\u201d _builder_version=\u201d4.23.1\u2033 _module_preset=\u201ddefault\u201d header_level=\u201dh3\u2033 header_font=\u201dPoppins|||||||||\u201d header_font_size=\u201d26px\u201d custom_css_blurb_image=\u201dvertical-align: middle;||position: relative;\u201d custom_css_blurb_title=\u201dpadding-top: 13px\u201d locked=\u201doff\u201d global_colors_info=\u201d{}\u201d header_text_color__hover_enabled=\u201don|hover\u201d header_text_color__hover=\u201d#004AAD\u201d][\/et_pb_bl _builder_version= \u201d4.21.0\u2033 _module_preset=\u201ddefault\u201d custom_css_main_element=\u201ddisplay: flex;||flex-direction: column;||justify-content: center;\u201d global_colors_info=\u201d{}\u201d][et_pb_blurb title=\u201dB\u00fasqueda y gesti\u00f3n de subvenciones para las empresas\u201d url=\u201d#gestio-de-subvenciones\u201d use_icon=\u201don\u201d font_icon=\u201d\uf4b9||fa||900\u2033 icon_color=\u201d #004AAD\u201d icon_placement=\u201dleft\u201d _builder_version=\u201d4.23.1\u2033 _module_preset=\u201ddefault\u201d header_level=\u201dh3\u2033 header_font=\u201dPoppins|||||||||\u201d header_font_size=\u201d26px\u201d custom_css_blurb_image=\u201dvertical-align: middle;||position: relative;\u201d custom_css_blurb_title=\u201dpadding-top: 13px\u201d locked=\u201doff\u201d global_colors_info=\u201d{}\u201d header_text_color__hover_enabled=\u201don|hover\u201d header_text_color__hover=\u201d#004AAD\u201d][\/et_pb_bl _builder_version= \u201d4.21.0\u2033 _module_preset=\u201ddefault\u201d custom_css_main_element=\u201ddisplay: flex;||flex-direction: column;||justify-content: center;\u201d global_colors_info=\u201d{}\u201d][et_pb_blurb title=\u201dTramitaci\u00f3n de expedientes de extranjer\u00eda\u201d url=\u201d#tramitacio-expedientes\u201d use_icon=\u201don\u201d font_icon=\u201d\uf7a2||fa||900\u2033 icon_color=\u201d#004AAD\u201d icon_ \u201dleft\u201d _builder_version=\u201d4.23.1\u2033 _module_preset=\u201ddefault\u201d header_level=\u201dh3\u2033 header_font=\u201dPoppins|||||||||\u201d header_font_size=\u201d26px\u201d custom_css_blurb_image=\u201dvertical-align: middle;||position: relative;\u201d custom_css_blurb_title=\u201dpadding-top: 13px\u201d locked=\u201doff\u201d global_colors_info=\u201d{}\u201d header_text_color__hover_enabled=\u201don|hover\u201d header_text_color__hover=\u201d#004AAD\u201d][\/et_pb_bl _section][ et_pb_section fb_built=\u201d1\u2033 module_id=\u201dasesor\u00eda-laboral\u201d _builder_version=\u201d4.21.0\u2033 _module_preset=\u201ddefault\u201d background_enable_color=\u201doff\u201d global_colors_info=\u201d{}\u201d][et_pb_row _builder_version=. \u201d max_width=\u201d1300px\u201d global_colors_info=\u201d{}\u201d][et_pb_column type=\u201d4_4\u2033 _builder_version=\u201d4.21.0\u2033 _module_preset=\u201ddefault\u201d global_colors_info=\u201d{}\u201d][et_pb_code _buil. \u201ddefault\u201d custom_margin=\u201d0px|0px|0px|0px|false|false\u201d custom_padding=\u201d0px|0px|0px|0px|false|false\u201d global_colors_info=\u201d{}\u201d]<\/p>\n<style><!-- [et_pb_line_break_holder] -->.bar {<!-- [et_pb_line_break_holder] -->    border-left: 4px solid #004aad;<!-- [et_pb_line_break_holder] -->    min-height: 35px;<!-- [et_pb_line_break_holder] -->  \talign-self: stretch;<!-- [et_pb_line_break_holder] -->}<!-- [et_pb_line_break_holder] --><!-- [et_pb_line_break_holder] -->.titleText {<!-- [et_pb_line_break_holder] -->    padding-left: 20px;<!-- [et_pb_line_break_holder] -->  \tpadding-bottom: 0px!important;<!-- [et_pb_line_break_holder] -->    font-family: Poppins;<!-- [et_pb_line_break_holder] -->    font-size: 20px;<!-- [et_pb_line_break_holder] -->  \tfont-weight: 600;<!-- [et_pb_line_break_holder] -->  \tline-height: 120%;<!-- [et_pb_line_break_holder] -->  \tcolor: #333333;<!-- [et_pb_line_break_holder] -->}<!-- [et_pb_line_break_holder] --><!-- [et_pb_line_break_holder] -->.titleContainer {<!-- [et_pb_line_break_holder] -->    display: flex;<!-- [et_pb_line_break_holder] -->    align-items: center;<!-- [et_pb_line_break_holder] -->  \t<!-- [et_pb_line_break_holder] -->  \tpadding-bottom: 20px;<!-- [et_pb_line_break_holder] -->}<!-- [et_pb_line_break_holder] --><!-- [et_pb_line_break_holder] -->.bodyText {<!-- [et_pb_line_break_holder] -->    font-family: Poppins;<!-- [et_pb_line_break_holder] -->    font-size: 14px;<!-- [et_pb_line_break_holder] -->    font-weight: 300;<!-- [et_pb_line_break_holder] -->}<!-- [et_pb_line_break_holder] -->  strong {<!-- [et_pb_line_break_holder] -->    font-weight: 500;<!-- [et_pb_line_break_holder] -->  }<!-- [et_pb_line_break_holder] --><!-- [et_pb_line_break_holder] --><\/style>\n<p>[\/et_pb_code][et_pb_text _builder_version=\u201d4.23.1\u2033 _module_preset=\u201ddefault\u201d header_2_font=\u201dRoboto|300||donde|||||\u201d header_2_font_size=\u201d42px\u201d custom_margin=\u201d||10px||false|false\u201d locked=\u201doff\u201d global_colors_info=\u201d{}\u201d]<\/p>\n<h2 class=\"translation-block\">Asesor\u00eda <span style=\"font-weight: 500;font-family: Poppins;color: #c88800\">laboral<\/span><\/h2>\n<p>[\/et_pb_text][et_pb_divider color=&quot;#C88800&quot; divider_weight=&quot;3px&quot; _builder_version=&quot;4.23.1&quot; _module_preset=&quot;default&quot; width=&quot;20%&quot; module_alignment=&quot;left&quot; lock [\/et_pb_divider][\/et_pb_column][\/et_pb_row][et_pb_row column_structure=\u201d1_2,1_2\u2033 make_equal=\u201don\u201d _builder_version=\u201d4.21.0\u2033 _module_preset=\u201ddefault\u201d max_width= [et_pb_column type=\u201d1_2\u2033 _builder_version=\u201d4.21.0\u2033 _module_preset=\u201ddefault\u201d custom_css_main_element=\u201ddisplay: flex;||flex-direction: column;||justify-content: space-between;\u201d global_colors_info=\u201d{}\u201d][et_pb_code _builder_version=\u201d4.23.1\u2033 _module_preset=\u201ddefault\u201d global_colors_info=\u201d{}\u201d]<\/p>\n<div><!-- [et_pb_line_break_holder] -->    <\/p>\n<div class=\"titleContainer\"><!-- [et_pb_line_break_holder] -->        <\/p>\n<div class=\"bar\"><\/div>\n<p><!-- [et_pb_line_break_holder] -->        <\/p>\n<h3 class=\"titleText\">Altas, bajas y contrataciones<\/h3>\n<p><!-- [et_pb_line_break_holder] -->    <\/div>\n<p><!-- [et_pb_line_break_holder] -->    <\/p>\n<div><!-- [et_pb_line_break_holder] -->        <pee class=\"bodyText\">Nuestro equipo de personal experto en asesor\u00eda laboral est\u00e1 comprometido a <strong>garantizar que sus procesos de altas, bajas y contrataciones cumplan con las regulaciones legales m\u00e1s recientes, minimizando riesgos y optimizando la eficiencia.<\/strong> Ya sea que est\u00e9 incorporando nuevo personal, ajustando su equipo o gestionando desvinculaciones, nuestro enfoque personalizado y conocimiento profundo garantizan una gesti\u00f3n laboral fluida y de conformidad con las normativas vigentes, permitiendo centrarse en el crecimiento y el \u00e9xito de su empresa.<\/pee><!-- [et_pb_line_break_holder] -->    <\/div>\n<p><!-- [et_pb_line_break_holder] --><\/div>\n<p>[\/et_pb_code][et_pb_code _builder_version=\u201d4.23.1\u2033 _module_preset=\u201ddefault\u201d global_colors_info=\u201d{}\u201d]<\/p>\n<div><!-- [et_pb_line_break_holder] -->    <\/p>\n<div class=\"titleContainer\"><!-- [et_pb_line_break_holder] -->        <\/p>\n<div class=\"bar\"><\/div>\n<p><!-- [et_pb_line_break_holder] -->        <\/p>\n<h3 class=\"titleText\">Tr\u00e1mites con la <!\u2013- [et_pb_br_holder] -\u2013>Seguridad Social, SEPE e Inspecci\u00f3n de trabajo<\/h3>\n<p><!-- [et_pb_line_break_holder] -->    <\/div>\n<p><!-- [et_pb_line_break_holder] -->    <\/p>\n<div><!-- [et_pb_line_break_holder] -->        <pee class=\"bodyText\">En Consultor\u00eda Arrels, ofrecemos un <strong>servicio especializado de gesti\u00f3n de tr\u00e1mites frente a entidades clave como la Seguridad Social, SEPE e Inspecci\u00f3n de Trabajo, simplificando y agilizando la compleja administraci\u00f3n laboral.<\/strong> Nuestro equipo se encarga de inscripciones, comunicaciones y gestiones de prestaciones, garantizando su conformidad con regulaciones y reduciendo riesgos. Con un enfoque personalizado y profundo conocimiento legal, liberamos sus recursos internos al encargarnos de tareas administrativas, permitiendo centrarse en estrategias comerciales fundamentales.<\/pee><!-- [et_pb_line_break_holder] -->    <\/div>\n<p><!-- [et_pb_line_break_holder] --><\/div>\n<p>[\/et_pb_code][\/et_pb_column][et_pb_column type=\u201d1_2\u2033 _builder_version=\u201d4.21.0\u2033 _module_preset=\u201ddefault\u201d global_colors_info=\u201d{}\u201d][et_pb_code _builder_version=\u201d4.23. \u201d{}\u201d]<\/p>\n<div><!-- [et_pb_line_break_holder] -->    <\/p>\n<div class=\"titleContainer\"><!-- [et_pb_line_break_holder] -->        <\/p>\n<div class=\"bar\"><\/div>\n<p><!-- [et_pb_line_break_holder] -->        <\/p>\n<h3 class=\"titleText\">N\u00f3minas<\/h3>\n<p><!-- [et_pb_line_break_holder] -->    <\/div>\n<p><!-- [et_pb_line_break_holder] -->    <\/p>\n<div><!-- [et_pb_line_break_holder] -->        <pee class=\"bodyText\">Nos encargamos de <strong>garantizar la precisi\u00f3n, legalidad y puntualidad en el procesamiento de la remuneraci\u00f3n de su equipo, al tiempo que cumple las \u00faltimas regulaciones laborales.<\/strong> Liberamos sus recursos internos al manejar eficientemente tareas como el c\u00e1lculo de salarios, deducciones y generaci\u00f3n de informes. Con la m\u00e1xima confidencialidad y seguridad, nuestro servicio de N\u00f3minas le permite tomar decisiones informadas y estrat\u00e9gicas mientras mantenemos su flujo de trabajo sin interrupciones.<\/strong><\/pee><!-- [et_pb_line_break_holder] -->    <\/div>\n<p><!-- [et_pb_line_break_holder] --><\/div>\n<p>[\/et_pb_code][et_pb_image src=\u201dhttp:\/\/consultoriarrels.cat\/wp-content\/uploads\/2023\/08\/consultoria-firma-contracte-scaled.jpeg\u201d alt=\u201dConsultor\u00eda firma de contrato\u201d title_text=\u201dConsultor\u00eda firma de contrato\u201d _builder_version=\u201d4.27.0\u2033 _module_preset=\u201ddefault\u201d global_colors_info=\u201d{}\u201d][\/et_pb_image][\/et_pb_column][\/et_pb_row][\/et_pb_section][et_pb_section fb_built=\u201d laboral\u201d _builder_version=\u201d4.23.1\u2033 _module_preset=\u201ddefault\u201d background_enable_color=\u201doff\u201d custom_padding=\u201d||||false|false\u201d global_colors_info=\u201d{}\u201d][et_pb_row _builder_version=\u201d4.21.0\u2033 _ \u201d max_width=\u201d1300px\u201d global_colors_info=\u201d{}\u201d][et_pb_column type=\u201d4_4\u2033 _builder_version=\u201d4.21.0\u2033 _module_preset=\u201ddefault\u201d global_colors_info=\u201d{}\u201d][et_pb_text _builder \u201ddefault\u201d header_2_font=\u201dRoboto|300||donde|||||\u201d header_2_font_size=\u201d42px\u201d custom_margin=\u201d||10px||false|false\u201d locked=\u201doff\u201d global_colors_info=\u201d{}\u201d]<\/p>\n<h2 class=\"translation-block\">Consultor\u00eda <span style=\"font-weight: 500;font-family: Poppins;color: #c88800\">laboral<\/span><\/h2>\n<p>[\/et_pb_text][et_pb_divider color=&quot;#C88800&quot; divider_weight=&quot;3px&quot; _builder_version=&quot;4.23.1&quot; _module_preset=&quot;default&quot; width=&quot;20%&quot; module_alignment=&quot;left&quot; lock [\/et_pb_divider][\/et_pb_column][\/et_pb_row][et_pb_row column_structure=\u201d1_2,1_2\u2033 _builder_version=\u201d4.21.0\u2033 _module_preset=\u201ddefault\u201d max_width=\u201d1300px\u201d global_ 1_2\u2033 _builder_version=\u201d4.21.0\u2033 _module_preset=\u201ddefault\u201d global_colors_info=\u201d{}\u201d][et_pb_code _builder_version=\u201d4.23.1\u2033 _module_preset=\u201ddefault\u201d global_colors_info=\u201d{}\u201d]<\/p>\n<div><!-- [et_pb_line_break_holder] -->    <\/p>\n<div class=\"titleContainer\"><!-- [et_pb_line_break_holder] -->        <\/p>\n<div class=\"bar\"><\/div>\n<p><!-- [et_pb_line_break_holder] -->        <\/p>\n<h3 class=\"titleText\">Asesoramiento y aplicaci\u00f3n de los protocolos<!\u2013- [et_pb_br_holder] -\u2013> y obligaciones laborales de la empresa<!-- [et_pb_line_break_holder] --><\/h3>\n<p><!-- [et_pb_line_break_holder] -->    <\/div>\n<p><!-- [et_pb_line_break_holder] -->    <\/p>\n<div><!-- [et_pb_line_break_holder] -->        <pee class=\"bodyText\">Ofrecemos un servicio especializado <strong>de Asesoramiento y Aplicaci\u00f3n de Protocolos y Obligaciones Laborales, destinado a asegurar que su empresa opere en total conformidad con las regulaciones laborales y fomente un ambiente laboral justo y productivo.<\/strong> Nuestro equipo proporciona un asesoramiento actualizado y personalizado, dise\u00f1ando protocolos internos, optimizando procesos laborales y previniendo riesgos. Con un enfoque en la capacitaci\u00f3n, resoluci\u00f3n de conflictos y cumplimiento normativo, nos convertimos en su socio fiable para conseguir una gesti\u00f3n laboral efectiva y \u00e9tica, creando las bases para el \u00e9xito sostenible de su empresa.<\/strong><\/pee><!-- [et_pb_line_break_holder] -->    <\/div>\n<p><!-- [et_pb_line_break_holder] --><\/div>\n<p>[\/et_pb_code][\/et_pb_column][et_pb_column type=\u201d1_2\u2033 _builder_version=\u201d4.21.0\u2033 _module_preset=\u201ddefault\u201d global_colors_info=\u201d{}\u201d][et_pb_code _builder_version=\u201d4.21. \u201d{}\u201d]<\/p>\n<div><!-- [et_pb_line_break_holder] -->    <\/p>\n<div class=\"titleContainer\"><!-- [et_pb_line_break_holder] -->        <\/p>\n<div class=\"bar\"><\/div>\n<p><!-- [et_pb_line_break_holder] -->        <\/p>\n<h3 class=\"titleText\">Descripciones de puestos de trabajo<!-- [et_pb_line_break_holder] --><\/h3>\n<p><!-- [et_pb_line_break_holder] -->    <\/div>\n<p><!-- [et_pb_line_break_holder] -->    <\/p>\n<div><!-- [et_pb_line_break_holder] -->        <pee class=\"bodyText\">Ofrecemos un <strong>servicio especializado en Descripciones de Puestos de Trabajo que busca potenciar la eficacia laboral y la satisfacci\u00f3n del equipo.<\/strong> Nuestro enfoque se centra en definir roles y responsabilidades con precisi\u00f3n, creando un ambiente claro y estructurado en el que los empleados pueden contribuir al \u00e9xito empresarial. A trav\u00e9s de descripciones detalladas y alineadas con los objetivos estrat\u00e9gicos, nuestro servicio promueve la optimizaci\u00f3n de recursos, el desarrollo profesional y la transparencia, fortaleciendo as\u00ed la gesti\u00f3n laboral y el crecimiento continuo de su organizaci\u00f3n.<\/pee><!-- [et_pb_line_break_holder] -->    <\/div>\n<p><!-- [et_pb_line_break_holder] --><\/div>\n<p>[\/et_pb_code][\/et_pb_column][\/et_pb_row][et_pb_row column_structure=\u201d1_2,1_2\u2033 _builder_version=\u201d4.22.1\u2033 _module_preset=\u201ddefault\u201d max_width=\u201d1300px\u201d global_colors 1_2\u2033 _builder_version=\u201d4.22.1\u2033 _module_preset=\u201ddefault\u201d global_colors_info=\u201d{}\u201d][et_pb_code _builder_version=\u201d4.23.1\u2033 _module_preset=\u201ddefault\u201d global_colors_info=\u201d{}\u201d]<\/p>\n<div><!-- [et_pb_line_break_holder] -->    <\/p>\n<div class=\"titleContainer\"><!-- [et_pb_line_break_holder] -->        <\/p>\n<div class=\"bar\"><\/div>\n<p><!-- [et_pb_line_break_holder] -->        <\/p>\n<h3 class=\"titleText\">Procesos de selecci\u00f3n y Onboarding<\/h3>\n<p><!-- [et_pb_line_break_holder] -->    <\/div>\n<p><!-- [et_pb_line_break_holder] -->    <\/p>\n<div><!-- [et_pb_line_break_holder] -->        <pee class=\"bodyText\">Ofrecemos un <strong>servicio especializado en Procesos de Selecci\u00f3n y Onboarding, dise\u00f1ado para identificar y atraer a los candidatos ideales que se alineen con su visi\u00f3n empresarial.<\/strong> Utilizamos m\u00e9todos de evaluaci\u00f3n y selecci\u00f3n efectivos para la construcci\u00f3n de equipos de alto rendimiento desde el inicio. Al confiar en nosotros, puede ahorrar tiempo y recursos mientras nos encargamos de la b\u00fasqueda, evaluaci\u00f3n y entrevistas iniciales. Nuestro enfoque personalizado garantiza una exitosa integraci\u00f3n de nuevos empleados en la cultura de su empresa, sentando las bases para un crecimiento sostenible y eficiente.<\/strong><\/pee><!-- [et_pb_line_break_holder] -->    <\/div>\n<p><!-- [et_pb_line_break_holder] --><\/div>\n<p>[\/et_pb_code][\/et_pb_column][et_pb_column type=\u201d1_2\u2033 _builder_version=\u201d4.22.1\u2033 _module_preset=\u201ddefault\u201d global_colors_info=\u201d{}\u201d][et_pb_code _builder_version=\u201d4.21. \u201d{}\u201d]<\/p>\n<div><!-- [et_pb_line_break_holder] -->    <\/p>\n<div class=\"titleContainer\"><!-- [et_pb_line_break_holder] -->        <\/p>\n<div class=\"bar\"><\/div>\n<p><!-- [et_pb_line_break_holder] -->        <\/p>\n<h3 class=\"titleText\">Pol\u00edticas retributivas<!-- [et_pb_line_break_holder] --><\/h3>\n<p><!-- [et_pb_line_break_holder] -->    <\/div>\n<p><!-- [et_pb_line_break_holder] -->    <\/p>\n<div><!-- [et_pb_line_break_holder] -->        <pee class=\"bodyText\">Ofrecemos un <strong>servicio especializado en Pol\u00edticas Retributivas que busca establecer estructuras de compensaci\u00f3n justas y competitivas, fundamentales para atraer, retener y motivar a un equipo de alto rendimiento.<\/strong> Nuestro enfoque se basa en el dise\u00f1o personalizado de pol\u00edticas que reflejen la cultura corporativa y los objetivos empresariales, promoviendo la equidad, transparencia y crecimiento a largo plazo. A trav\u00e9s de an\u00e1lisis exhaustivos, comunicaci\u00f3n efectiva y actualizaciones continuas, nuestro servicio brinda a su empresa las herramientas necesarias para fomentar un ambiente laboral motivador y exitoso, impulsando as\u00ed el compromiso y la excelencia del equipo.<\/pee><!-- [et_pb_line_break_holder] -->    <\/div>\n<p><!-- [et_pb_line_break_holder] --><\/div>\n<p>[\/et_pb_code][\/et_pb_column][\/et_pb_row][et_pb_row column_structure=\u201d1_2,1_2\u2033 _builder_version=\u201d4.22.1\u2033 _module_preset=\u201ddefault\u201d max_width=\u201d1300px\u201d global_colors 1_2\u2033 _builder_version=\u201d4.22.1\u2033 _module_preset=\u201ddefault\u201d global_colors_info=\u201d{}\u201d][et_pb_code _builder_version=\u201d4.23.1\u2033 _module_preset=\u201ddefault\u201d global_colors_info=\u201d{}\u201d]<\/p>\n<div><!-- [et_pb_line_break_holder] -->    <\/p>\n<div class=\"titleContainer\"><!-- [et_pb_line_break_holder] -->        <\/p>\n<div class=\"bar\"><\/div>\n<p><!-- [et_pb_line_break_holder] -->        <\/p>\n<h3 class=\"titleText\">Gesti\u00f3n de equipos y resoluci\u00f3n de conflictos<!-- [et_pb_line_break_holder] --><\/h3>\n<p><!-- [et_pb_line_break_holder] -->    <\/div>\n<p><!-- [et_pb_line_break_holder] -->    <\/p>\n<div><!-- [et_pb_line_break_holder] -->        <pee class=\"bodyText\">Ofrecemos un <strong>servicio especializado en Gesti\u00f3n de Equipos y Resoluci\u00f3n de Conflictos que busca fortalecer la colaboraci\u00f3n y el rendimiento dentro de su empresa.<\/strong> Abordamos las din\u00e1micas de equipo con enfoques personalizados, promoviendo una comunicaci\u00f3n abierta y la resoluci\u00f3n constructiva de conflictos. A trav\u00e9s de an\u00e1lisis profundos, capacitaci\u00f3n en habilidades clave y estrategias a largo plazo, nuestro servicio busca mejorar continuamente la cohesi\u00f3n del equipo y crear un entorno laboral positivo, impulsando as\u00ed el \u00e9xito sostenible de su organizaci\u00f3n.<\/pee><!-- [et_pb_line_break_holder] -->    <\/div>\n<p><!-- [et_pb_line_break_holder] --><\/div>\n<p>[\/et_pb_code][\/et_pb_column][et_pb_column type=\u201d1_2\u2033 _builder_version=\u201d4.22.1\u2033 _module_preset=\u201ddefault\u201d global_colors_info=\u201d{}\u201d][et_pb_code _builder_version=\u201d4.23. \u201d{}\u201d]<\/p>\n<div><!-- [et_pb_line_break_holder] -->    <\/p>\n<div class=\"titleContainer\"><!-- [et_pb_line_break_holder] -->        <\/p>\n<div class=\"bar\"><\/div>\n<p><!-- [et_pb_line_break_holder] -->        <\/p>\n<h3 class=\"titleText\">Gesti\u00f3n del teletrabajo<!-- [et_pb_line_break_holder] --><\/h3>\n<p><!-- [et_pb_line_break_holder] -->    <\/div>\n<p><!-- [et_pb_line_break_holder] -->    <\/p>\n<div><!-- [et_pb_line_break_holder] -->        <pee class=\"bodyText\"><strong>Dise\u00f1amos un plan de gesti\u00f3n del Teletrabajo para ayudar a las empresas a navegar con \u00e9xito en el entorno laboral actual. Nuestro enfoque se centra en desarrollar estrategias personalizadas que optimicen la implementaci\u00f3n del teletrabajo, maximizando la productividad y el bienestar de las personas trabajadoras.<\/strong> A trav\u00e9s de evaluaciones, herramientas tecnol\u00f3gicas, pol\u00edticas claras y capacitaci\u00f3n, nuestro servicio proporciona las soluciones necesarias para una transici\u00f3n fluida y eficiente al teletrabajo, permitiendo que su empresa se adapte y prospere en este nuevo paradigma laboral.<\/pee><!-- [et_pb_line_break_holder] -->    <\/div>\n<p><!-- [et_pb_line_break_holder] --><\/div>\n<p>[\/et_pb_code][\/et_pb_column][\/et_pb_row][et_pb_row column_structure=\u201d1_2,1_2\u2033 _builder_version=\u201d4.22.1\u2033 _module_preset=\u201ddefault\u201d max_width=\u201d1300px\u201d global_colors 1_2\u2033 _builder_version=\u201d4.22.1\u2033 _module_preset=\u201ddefault\u201d global_colors_info=\u201d{}\u201d][et_pb_code _builder_version=\u201d4.23.1\u2033 _module_preset=\u201ddefault\u201d global_colors_info=\u201d{}\u201d]<\/p>\n<div><!-- [et_pb_line_break_holder] -->    <\/p>\n<div class=\"titleContainer\"><!-- [et_pb_line_break_holder] -->        <\/p>\n<div class=\"bar\"><\/div>\n<p><!-- [et_pb_line_break_holder] -->        <\/p>\n<h3 class=\"titleText\">Protocolos de acoso, planes de igualdad <!-- [et_pb_line_break_holder] --><\/h3>\n<p><!-- [et_pb_line_break_holder] -->    <\/div>\n<p><!-- [et_pb_line_break_holder] -->    <\/p>\n<div><!-- [et_pb_line_break_holder] -->        <pee class=\"bodyText\">Elaboramos <strong>protocolos para la actuaci\u00f3n y abordaje del acoso dentro del \u00e1mbito laboral y formamos a la totalidad del personal de la empresa en igualdad de oportunidades en el trabajo.<\/strong> Disponemos de servicio de mediaci\u00f3n y ponemos a su servicio buz\u00f3n an\u00f3nimo de contacto para la detecci\u00f3n de posibles situaciones de acoso.<!\u2013- [et_pb_br_holder] -\u2013><!\u2013- [et_pb_br_holder] -\u2013><!-- [et_pb_line_break_holder] --><!-- [et_pb_line_break_holder] -->Nuestro personal especializado se encarga de elaborar <strong>Planes de Igualdad<\/strong>, realizando la correspondiente diagnosis e implementar las medidas correspondientes adaptadas a su empresa.<!-- [et_pb_line_break_holder] --><\/pee><!-- [et_pb_line_break_holder] -->    <\/div>\n<p><!-- [et_pb_line_break_holder] --><\/div>\n<p>[\/et_pb_code][\/et_pb_column][et_pb_column type=\u201d1_2\u2033 _builder_version=\u201d4.22.1\u2033 _module_preset=\u201ddefault\u201d global_colors_info=\u201d{}\u201d][\/et_pb_column][\/et_pb_row]=04. \u2033 _module_preset=\u201ddefault\u201d global_colors_info=\u201d{}\u201d][et_pb_column type=\u201d4_4\u2033 _builder_version=\u201d4.21.0\u2033 _module_preset=\u201ddefault\u201d global_colors_info=\u201d{}\u201d][et_pb_image src=\u201dhttps:\/\/ cat\/wp-content\/uploads\/2023\/11\/consultoria-contracte-laboral-scaled.jpeg\u201d alt=\u201dConsultor\u00eda contrato laboral\u201d title_text=\u201dConsultor\u00eda contrato laboral\u201d _builder_version=\u201d4.27.0\u2033 _module_preset=\u201ddefault\u201d width= &quot;60%&quot; width_tablet=&quot;60%&quot; width_phone=&quot;100%&quot; width_last_edited=&quot;on|phone&quot; module_alignment=&quot;center&quot; hover_enabled=&quot;0&quot; global_colors_info=&quot;{}&quot; sticky_enable [\/et_pb_row][\/et_pb_section][et_pb_section fb_built=\u201d1\u2033 module_id=\u201dasesor\u00eda-fiscal\u201d _builder_version=\u201d4.23.1\u2033 _module_preset=\u201ddefault\u201d background_enable_color=\u201doff\u201d custom_padding= global_colors_info=\u201d{}\u201d][et_pb_row _builder_version=\u201d4.21.0\u2033 _module_preset=\u201ddefault\u201d max_width=\u201d1300px\u201d global_colors_info=\u201d{}\u201d][et_pb_column type=\u201d4_4\u2033 _builder_version. default\u201d global_colors_info=\u201d{}\u201d][et_pb_text _builder_version=\u201d4.23.1\u2033 _module_preset=\u201ddefault\u201d header_2_font=\u201dRoboto|300||donde|||||\u201d header_2_font_size=\u201d42px\u201d custom_margin=\u201d||10px||false|false\u201d locked=\u201doff\u201d global_colors_info=\u201d{}\u201d]<\/p>\n<h2 class=\"translation-block\">Asesor\u00eda <span style=\"font-weight: 500;font-family: Poppins;color: #c88800\">fiscal y contable<\/span><\/h2>\n<p>[\/et_pb_text][et_pb_divider color=&quot;#C88800&quot; divider_weight=&quot;3px&quot; _builder_version=&quot;4.23.1&quot; _module_preset=&quot;default&quot; width=&quot;20%&quot; module_alignment=&quot;left&quot; lock [\/et_pb_divider][\/et_pb_column][\/et_pb_row][et_pb_row column_structure=\u201d1_2,1_2\u2033 make_equal=\u201don\u201d _builder_version=\u201d4.21.0\u2033 _module_preset=\u201ddefault\u201d max_width= [et_pb_column type=\u201d1_2\u2033 _builder_version=\u201d4.21.0\u2033 _module_preset=\u201ddefault\u201d custom_css_main_element=\u201ddisplay: flex;||flex-direction: column;||justify-content: space-between;\u201d global_colors_info=\u201d{}\u201d][et_pb_code _builder_version=\u201d4.21.0\u2033 _module_preset=\u201ddefault\u201d global_colors_info=\u201d{}\u201d]<\/p>\n<div><!-- [et_pb_line_break_holder] -->    <\/p>\n<div class=\"titleContainer\"><!-- [et_pb_line_break_holder] -->        <\/p>\n<div class=\"bar\"><\/div>\n<p><!-- [et_pb_line_break_holder] -->        <\/p>\n<h3 class=\"titleText\">Asesoramiento fiscal<!-- [et_pb_line_break_holder] --><\/h3>\n<p><!-- [et_pb_line_break_holder] -->    <\/div>\n<p><!-- [et_pb_line_break_holder] -->    <\/p>\n<div><!-- [et_pb_line_break_holder] -->        <pee class=\"bodyText\">Ofrecemos un servicio especializado en <strong>Asesoramiento Fiscal que tiene como objetivo optimizar la situaci\u00f3n financiera de su empresa.<\/strong> Nuestro enfoque se centra en desarrollar estrategias fiscales personalizadas para minimizar la carga tributaria, maximizar el ahorro y garantizar su cumplimiento normativo. Con un equipo de expertos en asesor\u00eda fiscal, ofrecemos orientaci\u00f3n profesional, planificaci\u00f3n estrat\u00e9gica, optimizaci\u00f3n de beneficios fiscales y gesti\u00f3n de riesgos, brind\u00e1ndole tranquilidad y confianza en la gesti\u00f3n de sus asuntos fiscales. Con nuestro servicio, su empresa estar\u00e1 preparada para aprovechar al m\u00e1ximo las oportunidades financieras mientras se mantiene de conformidad con las regulaciones vigentes.<\/pee><!-- [et_pb_line_break_holder] -->    <\/div>\n<p><!-- [et_pb_line_break_holder] --><\/div>\n<p>[\/et_pb_code][et_pb_code _builder_version=\u201d4.23.1\u2033 _module_preset=\u201ddefault\u201d global_colors_info=\u201d{}\u201d]<\/p>\n<div><!-- [et_pb_line_break_holder] -->    <\/p>\n<div class=\"titleContainer\"><!-- [et_pb_line_break_holder] -->        <\/p>\n<div class=\"bar\"><\/div>\n<p><!-- [et_pb_line_break_holder] -->        <\/p>\n<h3 class=\"titleText\">Presentaci\u00f3n y liquidaci\u00f3n de impuestos<\/h3>\n<p><!-- [et_pb_line_break_holder] -->    <\/div>\n<p><!-- [et_pb_line_break_holder] -->    <\/p>\n<div><!-- [et_pb_line_break_holder] -->        <pee class=\"bodyText\">Ofrecemos un <strong>servicio especializado en Presentaci\u00f3n y Liquidaci\u00f3n de Impuestos que garantiza el cumplimiento normativo y optimiza la gesti\u00f3n financiera de su empresa.<\/strong> Nuestro equipo de asesoramiento fiscal se encarga de calcular con precisi\u00f3n las obligaciones fiscales, presentar informes en plazos establecidos y ofrecer orientaci\u00f3n estrat\u00e9gica para maximizar ahorros fiscales. Con un enfoque personalizado y en constante actualizaci\u00f3n de las regulaciones fiscales, nuestro servicio le brinda la confianza de un cumplimiento impecable y una gesti\u00f3n de impuestos eficiente, permiti\u00e9ndole enfocarse en el crecimiento y \u00e9xito continuo de su negocio.<\/pee><!-- [et_pb_line_break_holder] -->    <\/div>\n<p><!-- [et_pb_line_break_holder] --><\/div>\n<p>[\/et_pb_code][\/et_pb_column][et_pb_column type=\u201d1_2\u2033 _builder_version=\u201d4.21.0\u2033 _module_preset=\u201ddefault\u201d global_colors_info=\u201d{}\u201d][et_pb_code _builder_version=\u201d4.23. \u201d{}\u201d]<\/p>\n<div><!-- [et_pb_line_break_holder] -->    <\/p>\n<div class=\"titleContainer\"><!-- [et_pb_line_break_holder] -->        <\/p>\n<div class=\"bar\"><\/div>\n<p><!-- [et_pb_line_break_holder] -->        <\/p>\n<h3 class=\"titleText\">Declaraciones de renta<!-- [et_pb_line_break_holder] --><\/h3>\n<p><!-- [et_pb_line_break_holder] -->    <\/div>\n<p><!-- [et_pb_line_break_holder] -->    <\/p>\n<div><!-- [et_pb_line_break_holder] -->        <pee class=\"bodyText\">Ofrecemos un <strong>servicio especializado en Declaraciones de la Renta que busca simplificar y optimizar este proceso crucial.<\/strong> Nuestro equipo de asesoramiento fiscal altamente capacitado se encarga de analizar la situaci\u00f3n financiera, identificar deducciones y beneficios fiscales, y elaborar una declaraci\u00f3n precisa y cumpliendo las normativas. Con nuestro planteamiento personalizado, le brindamos la tranquilidad de una presentaci\u00f3n de la Declaraci\u00f3n de la Renta precisa y eficiente, permiti\u00e9ndole enfocarse en sus objetivos financieros y el crecimiento continuo de su empresa.<\/pee><!-- [et_pb_line_break_holder] -->    <\/div>\n<p><!-- [et_pb_line_break_holder] --><\/div>\n<p>[\/et_pb_code][et_pb_image src=\u201dhttp:\/\/consultoriarrels.cat\/wp-content\/uploads\/2023\/08\/consultoria-analisi-scaled.jpeg\u201d alt=\u201dConsultor\u00eda an\u00e1lisis de contabilidad\u201d title_text=\u201dConsultor\u00eda an\u00e1lisis de contabilidad \u201d _builder_version=\u201d4.27.0\u2033 _module_preset=\u201ddefault\u201d hover_enabled=\u201d0\u2033 global_colors_info=\u201d{}\u201d sticky_enabled=\u201d0\u2033][\/et_pb_image][\/et_pb_column][\/et_pb_row][\/et_pb \u201d1\u2033 module_id=\u201dgesti\u00f3n-de-bonificaciones\u201d _builder_version=\u201d4.23.1\u2033 _module_preset=\u201ddefault\u201d background_enable_color=\u201doff\u201d global_colors_info=\u201d{}\u201d][et_pb_row _builder_version=\u201d4.21.0\u2033 _ max_width=\u201d1300px\u201d global_colors_info=\u201d{}\u201d][et_pb_column type=\u201d4_4\u2033 _builder_version=\u201d4.21.0\u2033 _module_preset=\u201ddefault\u201d global_colors_info=\u201d{}\u201d][et_pb_text _builder_version. default\u201d header_2_font=\u201dRoboto|300||donde|||||\u201d header_2_font_size=\u201d42px\u201d custom_margin=\u201d||10px||false|false\u201d header_2_font_size_tablet=\u201d42px\u201d header_2_font_size_phone=\u201d36px\u201d header_2_font_size_last_edited=\u201d<\/p>\n<h2>Gesti\u00f3n de<span style=\"font-weight: 500; font-family: Poppins; color: #c88800\"> bonificaciones de las formaciones \u2013 Fundae<\/span><\/h2>\n<p>[\/et_pb_text][et_pb_divider color=&quot;#C88800&quot; divider_weight=&quot;3px&quot; _builder_version=&quot;4.23.1&quot; _module_preset=&quot;default&quot; width=&quot;20%&quot; module_alignment=&quot;left&quot; lock [\/et_pb_divider][\/et_pb_column][\/et_pb_row][et_pb_row column_structure=\u201d1_2,1_2\u2033 _builder_version=\u201d4.21.0\u2033 _module_preset=\u201ddefault\u201d max_width=\u201d1300px\u201d global_ 1_2\u2033 _builder_version=\u201d4.21.0\u2033 _module_preset=\u201ddefault\u201d global_colors_info=\u201d{}\u201d][et_pb_code _builder_version=\u201d4.23.1\u2033 _module_preset=\u201ddefault\u201d global_colors_info=\u201d{}\u201d]<\/p>\n<div><!-- [et_pb_line_break_holder] -->    <\/p>\n<div class=\"titleContainer\"><!-- [et_pb_line_break_holder] -->        <\/p>\n<div class=\"bar\"><\/div>\n<p><!-- [et_pb_line_break_holder] -->        <\/p>\n<h3 class=\"titleText\">Gesti\u00f3n, organizaci\u00f3n e implementaci\u00f3n <!\u2013- [et_pb_br_holder] -\u2013>de las formaciones de la empresa<!-- [et_pb_line_break_holder] --><\/h3>\n<p><!-- [et_pb_line_break_holder] -->    <\/div>\n<p><!-- [et_pb_line_break_holder] -->    <\/p>\n<div><!-- [et_pb_line_break_holder] -->        <pee class=\"bodyText\">Ofrecemos un <strong>servicio especializado en la Gesti\u00f3n, Organizaci\u00f3n e Implementaci\u00f3n de Formaciones que aprovecha las bonificaciones de formaci\u00f3n de FUNDAE para impulsar el crecimiento y desarrollo de su equipo.<\/strong> Implementamos las acciones formativas desde la identificaci\u00f3n de necesidades de capacitaci\u00f3n hasta la gesti\u00f3n administrativa completa, asegurando un impecable cumplimiento normativo y maximizando la inversi\u00f3n en formaci\u00f3n. Con programas personalizados y una evaluaci\u00f3n constante de resultados, nuestro servicio contribuye al fortalecimiento del talento interno, alineado con los objetivos comerciales y el \u00e9xito continuo de su empresa.<\/pee><!-- [et_pb_line_break_holder] -->    <\/div>\n<p><!-- [et_pb_line_break_holder] --><\/div>\n<p>[\/et_pb_code][\/et_pb_column][et_pb_column type=\u201d1_2\u2033 _builder_version=\u201d4.21.0\u2033 _module_preset=\u201ddefault\u201d global_colors_info=\u201d{}\u201d][et_pb_code _builder_version=\u201d4.23. \u201d{}\u201d]<\/p>\n<div><!-- [et_pb_line_break_holder] -->    <\/p>\n<div class=\"titleContainer\"><!-- [et_pb_line_break_holder] -->        <\/p>\n<div class=\"bar\"><\/div>\n<p><!-- [et_pb_line_break_holder] -->        <\/p>\n<h3 class=\"titleText\">Bonificaci\u00f3n acciones formativas <!\u2013- [et_pb_br_holder] -\u2013>realizadas con otros centros formativos<\/h3>\n<p><!-- [et_pb_line_break_holder] -->    <\/div>\n<p><!-- [et_pb_line_break_holder] -->    <\/p>\n<div><!-- [et_pb_line_break_holder] -->        <pee class=\"bodyText\">Ofrecemos un <strong>servicio especializado en la Bonificaci\u00f3n de Acciones Formativas realizadas con otros centros, aprovechando al m\u00e1ximo las alianzas estrat\u00e9gicas para optimizar la formaci\u00f3n de su equipo a trav\u00e9s de FUNDAE.<\/strong> Implementamos las acciones formativas desde la identificaci\u00f3n de oportunidades colaborativas hasta el dise\u00f1o personalizado de programas de formaci\u00f3n conjuntos, asegurando beneficios optimizados y cumplimiento normativo. Con una red de conexiones estrat\u00e9gicas y una gesti\u00f3n administrativa eficiente, nuestro servicio promueve la colaboraci\u00f3n formativa, el desarrollo profesional y el \u00e9xito sostenible de su empresa.<\/pee><!-- [et_pb_line_break_holder] -->    <\/div>\n<p><!-- [et_pb_line_break_holder] --><\/div>\n<p>[\/et_pb_code][\/et_pb_column][\/et_pb_row][et_pb_row _builder_version=\u201d4.21.0\u2033 _module_preset=\u201ddefault\u201d global_colors_info=\u201d{}\u201d][et_pb_column type=\u201d4_4\u2033 _builder_version default\u201d global_colors_info=\u201d{}\u201d][et_pb_image src=\u201dhttp:\/\/consultoriarrels.cat\/wp-content\/uploads\/2023\/08\/consultoria-formacio-scaled.jpeg\u201d alt=\u201dConsultor\u00eda reuni\u00f3n formativa\u201d title_text=\u201d Consultor\u00eda reuni\u00f3n formativa\u201d _builder_version=\u201d4.27.0\u2033 _module_preset=\u201ddefault\u201d width=\u201d60%\u201d width_tablet=\u201d60%\u201d width_phone=\u201d100%\u201d width_last_edited=\u201don|phone ors_info= \u201d{}\u201d sticky_enabled=\u201d0\u2033][\/et_pb_image][\/et_pb_column][\/et_pb_row][\/et_pb_section][et_pb_section fb_built=\u201d1\u2033 module_id=\u201dgesti\u00f3n-de-subvenciones\u201d _builder_version=. =\u201ddefault\u201d background_enable_color=\u201doff\u201d global_colors_info=\u201d{}\u201d][et_pb_row _builder_version=\u201d4.21.0\u2033 _module_preset=\u201ddefault\u201d max_width=\u201d1300px\u201d global_colors_info=\u201d{}\u201d][et_pb =\u201d4.21.0\u2033 _module_preset=\u201ddefault\u201d global_colors_info=\u201d{}\u201d][et_pb_text _builder_version=\u201d4.23.1\u2033 _module_preset=\u201ddefault\u201d header_2_font=\u201dRoboto|300||on||||||\u201d header_2_font_size=\u201d42px\u201d custom_margin=\u201d||10px||false|false\u201d header_2_font_size_tablet=\u201d42px\u201d header_2_font_size_phone=\u201d36px\u201d header_2_font_size_last_edited=\u201d<\/p>\n<h2>B\u00fasqueda y gesti\u00f3n de <span style=\"font-weight: 500; font-family: Poppins; color: #c88800\">subvenciones para las empresas<\/span><\/h2>\n<p>[\/et_pb_text][et_pb_divider color=&quot;#C88800&quot; divider_weight=&quot;3px&quot; _builder_version=&quot;4.23.1&quot; _module_preset=&quot;default&quot; width=&quot;20%&quot; module_alignment=&quot;left&quot; lock [\/et_pb_divider][\/et_pb_column][\/et_pb_row][et_pb_row _builder_version=\u201d4.21.0\u2033 _module_preset=\u201ddefault\u201d max_width=\u201d1300px\u201d global_colors_info=\u201d{}\u201d][et_pb 0\u2033 _module_preset=\u201ddefault\u201d global_colors_info=\u201d{}\u201d][et_pb_text _builder_version=\u201d4.23.1\u2033 _module_preset=\u201ddefault\u201d text_font=\u201dPoppins|300||||||||\u201d global_colors_info=\u201d{}\u201d]<\/p>\n<p>Ofrecemos un <strong>servicio especializado en la B\u00fasqueda y la Gesti\u00f3n de Subvenciones para Empresas, centrado en maximizar las oportunidades de financiaci\u00f3n y soporte para impulsar el crecimiento empresarial.<\/strong> Identificamos subvenciones relevantes, preparamos la documentaci\u00f3n necesaria y supervisamos el proceso de solicitud, liberando a su empresa de la carga administrativa y permitiendo concentrarse en su negocio. Con nuestra experiencia en financiaci\u00f3n y un enfoque personalizado, le brindamos las herramientas y estrategias para acceder a recursos financieros significativos y avanzar hacia el \u00e9xito sostenible de su empresa.<\/p>\n<p>[\/et_pb_text][\/et_pb_column][\/et_pb_row][et_pb_row _builder_version=\u201d4.21.0\u2033 _module_preset=\u201ddefault\u201d global_colors_info=\u201d{}\u201d][et_pb_column type=\u201d4_4\u2033 _builder_version. default\u201d global_colors_info=\u201d{}\u201d][et_pb_image src=\u201dhttp:\/\/consultoriarrels.cat\/wp-content\/uploads\/2023\/08\/consultoria-monedes-scaled.jpeg\u201d alt=\u201dConsultor\u00eda pila de monedas\u201d title_text= \u201dConsultor\u00eda pila de monedas\u201d _builder_version=\u201d4.27.0\u2033 _module_preset=\u201ddefault\u201d width=\u201d60%\u201d width_tablet=\u201d60%\u201d width_phone=\u201d100%\u201d width_last_ed= 0\u2033 global_colors_info=\u201d{}\u201d sticky_enabled=\u201d0\u2033][\/et_pb_image][\/et_pb_column][\/et_pb_row][\/et_pb_section][et_pb_section fb_built=\u201d1\u2033 module_id=\u201dtramitacio-expedientes\u201d _builder =\u201ddefault\u201d background_enable_color=\u201doff\u201d custom_padding=\u201d||75px||false|false\u201d global_colors_info=\u201d{}\u201d][et_pb_row _builder_version=\u201d4.21.0\u2033 _module_preset=\u201ddefault\u201d max_width=\u201d13 {}\u201d][et_pb_column type=\u201d4_4\u2033 _builder_version=\u201d4.21.0\u2033 _module_preset=\u201ddefault\u201d global_colors_info=\u201d{}\u201d][et_pb_text _builder_version=\u201d4.23.1\u2033 _module_preset=\u201ddefault\u201d ||donde|||||\u201d header_2_font_size=\u201d42px\u201d custom_margin=\u201d||10px||false|false\u201d header_2_font_size_tablet=\u201d42px\u201d header_2_font_size_phone=\u201d36px\u201d header_2_font_size_last_edited=\u201d<\/p>\n<h2>Tramitaci\u00f3n <span style=\"font-weight: 500; font-family: Poppins; color: #c88800\">de expedientes de extranjer\u00eda<\/span><\/h2>\n<p>[\/et_pb_text][et_pb_divider color=&quot;#C88800&quot; divider_weight=&quot;3px&quot; _builder_version=&quot;4.23.1&quot; _module_preset=&quot;default&quot; width=&quot;20%&quot; module_alignment=&quot;left&quot; lock [\/et_pb_divider][\/et_pb_column][\/et_pb_row][et_pb_row _builder_version=\u201d4.21.0\u2033 _module_preset=\u201ddefault\u201d max_width=\u201d1300px\u201d global_colors_info=\u201d{}\u201d][et_pb 0\u2033 _module_preset=\u201ddefault\u201d global_colors_info=\u201d{}\u201d][et_pb_text _builder_version=\u201d4.23.1\u2033 _module_preset=\u201ddefault\u201d text_font=\u201dPoppins|300||||||||\u201d global_colors_info=\u201d{}\u201d]<\/p>\n<p>Ofrecemos un <strong>servicio especializado en Tramitaci\u00f3n de Expedientes de Extranjer\u00eda, dise\u00f1ado para simplificar y agilizar los procesos migratorios tanto para los interesados como para empresas interesadas en su contrataci\u00f3n.<\/strong> Garantizamos una gesti\u00f3n precisa y cumplimiento normativo en solicitudes de visados, autorizaciones de residencia y trabajo, renovaciones, reagrupamiento familiar y m\u00e1s. Con nuestra experiencia actualizada en las leyes de inmigraci\u00f3n, brindamos asesoramiento y apoyo a cada etapa del proceso, facilitando una integraci\u00f3n exitosa y legal en el pa\u00eds.<\/p>\n<p>[\/et_pb_text][\/et_pb_column][\/et_pb_row][et_pb_row _builder_version=\u201d4.21.0\u2033 _module_preset=\u201ddefault\u201d global_colors_info=\u201d{}\u201d][et_pb_column type=\u201d4_4\u2033 _builder_version. default\u201d global_colors_info=\u201d{}\u201d][et_pb_image src=\u201dhttp:\/\/consultoriarrels.cat\/wp-content\/uploads\/2023\/08\/consultoria-estrangeria-scaled.jpeg\u201d alt=\u201dConsultor\u00eda tr\u00e1mite de extranjer\u00eda\u201d title_text =\u201dConsultor\u00eda tr\u00e1mite de extranjer\u00eda\u201d _builder_version=\u201d4.27.0\u2033 _module_preset=\u201ddefault\u201d width=\u201d60%\u201d width_tablet=\u201d60%\u201d width_phone=\u201d100%\u201d width_last_edited= 0\u2033 global_colors_info=\u201d{}\u201d sticky_enabled=\u201d0\u2033][\/et_pb_image][\/et_pb_column][\/et_pb_row][\/et_pb_section]<\/p>","protected":false},"excerpt":{"rendered":"<p>Ra\u00edz juntos Con la confianza de nuestro acompa\u00f1amiento globalServicios que ofrecemosA la Consultor\u00eda Ra\u00edces somos tu aliado estrat\u00e9gico para tu crecimiento empresarial. Nuestra amplia gama de servicios de consultor\u00eda est\u00e1 dise\u00f1ada para abordar desaf\u00edos y aprovechar oportunidades, gui\u00e1ndote hacia el \u00e9xito en el mundo empresarial. Con un equipo de expertos experimentados y soluciones [\u2026]<\/p>","protected":false},"author":1,"featured_media":0,"parent":0,"menu_order":0,"comment_status":"closed","ping_status":"closed","template":"","meta":{"_et_pb_use_builder":"on","_et_pb_old_content":"","_et_gb_content_width":"","footnotes":""},"class_list":["post-351","page","type-page","status-publish","hentry"],"yoast_head":"<!-- This site is optimized with the Yoast SEO plugin v26.4 - https:\/\/yoast.com\/wordpress\/plugins\/seo\/ -->\n<title>Serveis - Consultoria Arrels<\/title>\n<meta name=\"description\" content=\"Oferim diversos serveis per ajudar-te en el teu creixement empresarial. T&#039;acompanyem durant tot el cam\u00ed, com si f\u00f3ssim un soci m\u00e9s.\" \/>\n<meta name=\"robots\" content=\"index, follow, max-snippet:-1, max-image-preview:large, max-video-preview:-1\" \/>\n<link rel=\"canonical\" href=\"https:\/\/consultoriarrels.cat\/esp\/serveis\/\" \/>\n<meta property=\"og:locale\" content=\"es_ES\" \/>\n<meta property=\"og:type\" content=\"article\" \/>\n<meta property=\"og:title\" content=\"Serveis - Consultoria Arrels\" \/>\n<meta property=\"og:description\" content=\"Oferim diversos serveis per ajudar-te en el teu creixement empresarial. T&#039;acompanyem durant tot el cam\u00ed, com si f\u00f3ssim un soci m\u00e9s.\" \/>\n<meta property=\"og:url\" content=\"https:\/\/consultoriarrels.cat\/esp\/serveis\/\" \/>\n<meta property=\"og:site_name\" content=\"Consultoria Arrels\" \/>\n<meta property=\"article:modified_time\" content=\"2024-08-07T14:06:00+00:00\" \/>\n<meta name=\"twitter:card\" content=\"summary_large_image\" \/>\n<meta name=\"twitter:label1\" content=\"Tiempo de lectura\" \/>\n\t<meta name=\"twitter:data1\" content=\"11 minutos\" \/>\n<script type=\"application\/ld+json\" class=\"yoast-schema-graph\">{\"@context\":\"https:\/\/schema.org\",\"@graph\":[{\"@type\":\"WebPage\",\"@id\":\"https:\/\/consultoriarrels.cat\/serveis\/\",\"url\":\"https:\/\/consultoriarrels.cat\/serveis\/\",\"name\":\"Serveis - Consultoria Arrels\",\"isPartOf\":{\"@id\":\"https:\/\/consultoriarrels.cat\/#website\"},\"datePublished\":\"2023-08-02T12:29:58+00:00\",\"dateModified\":\"2024-08-07T14:06:00+00:00\",\"description\":\"Oferim diversos serveis per ajudar-te en el teu creixement empresarial. T'acompanyem durant tot el cam\u00ed, com si f\u00f3ssim un soci m\u00e9s.\",\"breadcrumb\":{\"@id\":\"https:\/\/consultoriarrels.cat\/serveis\/#breadcrumb\"},\"inLanguage\":\"es\",\"potentialAction\":[{\"@type\":\"ReadAction\",\"target\":[\"https:\/\/consultoriarrels.cat\/serveis\/\"]}]},{\"@type\":\"BreadcrumbList\",\"@id\":\"https:\/\/consultoriarrels.cat\/serveis\/#breadcrumb\",\"itemListElement\":[{\"@type\":\"ListItem\",\"position\":1,\"name\":\"Inici\",\"item\":\"https:\/\/consultoriarrels.cat\/\"},{\"@type\":\"ListItem\",\"position\":2,\"name\":\"Serveis\"}]},{\"@type\":\"WebSite\",\"@id\":\"https:\/\/consultoriarrels.cat\/#website\",\"url\":\"https:\/\/consultoriarrels.cat\/\",\"name\":\"Consultoria Arrels\",\"description\":\"T&#039;acompanyem en tot moment\",\"publisher\":{\"@id\":\"https:\/\/consultoriarrels.cat\/#organization\"},\"potentialAction\":[{\"@type\":\"SearchAction\",\"target\":{\"@type\":\"EntryPoint\",\"urlTemplate\":\"https:\/\/consultoriarrels.cat\/?s={search_term_string}\"},\"query-input\":{\"@type\":\"PropertyValueSpecification\",\"valueRequired\":true,\"valueName\":\"search_term_string\"}}],\"inLanguage\":\"es\"},{\"@type\":\"Organization\",\"@id\":\"https:\/\/consultoriarrels.cat\/#organization\",\"name\":\"Consultoria Arrels\",\"url\":\"https:\/\/consultoriarrels.cat\/\",\"logo\":{\"@type\":\"ImageObject\",\"inLanguage\":\"es\",\"@id\":\"https:\/\/consultoriarrels.cat\/#\/schema\/logo\/image\/\",\"url\":\"http:\/\/consultoriarrels.cat\/wp-content\/uploads\/2023\/08\/consultoria_arrels_0021.png\",\"contentUrl\":\"http:\/\/consultoriarrels.cat\/wp-content\/uploads\/2023\/08\/consultoria_arrels_0021.png\",\"width\":132,\"height\":132,\"caption\":\"Consultoria Arrels\"},\"image\":{\"@id\":\"https:\/\/consultoriarrels.cat\/#\/schema\/logo\/image\/\"}}]}<\/script>\n<!-- \/ Yoast SEO plugin. -->","yoast_head_json":{"title":"Servicios - Consultor\u00eda Arrels","description":"Ofrecemos varios servicios para ayudarte en su crecimiento empresarial. Te acompa\u00f1amos durante todo el camino, como si fu\u00e9ramos un socio m\u00e1s.","robots":{"index":"index","follow":"follow","max-snippet":"max-snippet:-1","max-image-preview":"max-image-preview:large","max-video-preview":"max-video-preview:-1"},"canonical":"https:\/\/consultoriarrels.cat\/esp\/serveis\/","og_locale":"es_ES","og_type":"article","og_title":"Serveis - Consultoria Arrels","og_description":"Oferim diversos serveis per ajudar-te en el teu creixement empresarial. T'acompanyem durant tot el cam\u00ed, com si f\u00f3ssim un soci m\u00e9s.","og_url":"https:\/\/consultoriarrels.cat\/esp\/serveis\/","og_site_name":"Consultoria Arrels","article_modified_time":"2024-08-07T14:06:00+00:00","twitter_card":"summary_large_image","twitter_misc":{"Tiempo de lectura":"11 minutos"},"schema":{"@context":"https:\/\/schema.org","@graph":[{"@type":"WebPage","@id":"https:\/\/consultoriarrels.cat\/serveis\/","url":"https:\/\/consultoriarrels.cat\/serveis\/","name":"Servicios - Consultor\u00eda Arrels","isPartOf":{"@id":"https:\/\/consultoriarrels.cat\/#website"},"datePublished":"2023-08-02T12:29:58+00:00","dateModified":"2024-08-07T14:06:00+00:00","description":"Ofrecemos varios servicios para ayudarte en su crecimiento empresarial. Te acompa\u00f1amos durante todo el camino, como si fu\u00e9ramos un socio m\u00e1s.","breadcrumb":{"@id":"https:\/\/consultoriarrels.cat\/serveis\/#breadcrumb"},"inLanguage":"es","potentialAction":[{"@type":"ReadAction","target":["https:\/\/consultoriarrels.cat\/serveis\/"]}]},{"@type":"BreadcrumbList","@id":"https:\/\/consultoriarrels.cat\/serveis\/#breadcrumb","itemListElement":[{"@type":"ListItem","position":1,"name":"Inici","item":"https:\/\/consultoriarrels.cat\/"},{"@type":"ListItem","position":2,"name":"Serveis"}]},{"@type":"WebSite","@id":"https:\/\/consultoriarrels.cat\/#website","url":"https:\/\/consultoriarrels.cat\/","name":"Consultor\u00eda Arrels","description":"T&#039;acompa\u00f1amos en todo momento","publisher":{"@id":"https:\/\/consultoriarrels.cat\/#organization"},"potentialAction":[{"@type":"SearchAction","target":{"@type":"EntryPoint","urlTemplate":"https:\/\/consultoriarrels.cat\/?s={search_term_string}"},"query-input":{"@type":"PropertyValueSpecification","valueRequired":true,"valueName":"search_term_string"}}],"inLanguage":"es"},{"@type":"Organization","@id":"https:\/\/consultoriarrels.cat\/#organization","name":"Consultor\u00eda Arrels","url":"https:\/\/consultoriarrels.cat\/","logo":{"@type":"ImageObject","inLanguage":"es","@id":"https:\/\/consultoriarrels.cat\/#\/schema\/logo\/image\/","url":"http:\/\/consultoriarrels.cat\/wp-content\/uploads\/2023\/08\/consultoria_arrels_0021.png","contentUrl":"http:\/\/consultoriarrels.cat\/wp-content\/uploads\/2023\/08\/consultoria_arrels_0021.png","width":132,"height":132,"caption":"Consultoria Arrels"},"image":{"@id":"https:\/\/consultoriarrels.cat\/#\/schema\/logo\/image\/"}}]}},"_links":{"self":[{"href":"https:\/\/consultoriarrels.cat\/esp\/wp-json\/wp\/v2\/pages\/351","targetHints":{"allow":["GET"]}}],"collection":[{"href":"https:\/\/consultoriarrels.cat\/esp\/wp-json\/wp\/v2\/pages"}],"about":[{"href":"https:\/\/consultoriarrels.cat\/esp\/wp-json\/wp\/v2\/types\/page"}],"author":[{"embeddable":true,"href":"https:\/\/consultoriarrels.cat\/esp\/wp-json\/wp\/v2\/users\/1"}],"replies":[{"embeddable":true,"href":"https:\/\/consultoriarrels.cat\/esp\/wp-json\/wp\/v2\/comments?post=351"}],"version-history":[{"count":168,"href":"https:\/\/consultoriarrels.cat\/esp\/wp-json\/wp\/v2\/pages\/351\/revisions"}],"predecessor-version":[{"id":2251,"href":"https:\/\/consultoriarrels.cat\/esp\/wp-json\/wp\/v2\/pages\/351\/revisions\/2251"}],"wp:attachment":[{"href":"https:\/\/consultoriarrels.cat\/esp\/wp-json\/wp\/v2\/media?parent=351"}],"curies":[{"name":"wp","href":"https:\/\/api.w.org\/{rel}","templated":true}]}}