{"id":349,"date":"2023-08-02T12:29:11","date_gmt":"2023-08-02T12:29:11","guid":{"rendered":"https:\/\/assisoft-kitdigital.com\/arrels\/?page_id=349"},"modified":"2024-08-07T13:59:50","modified_gmt":"2024-08-07T13:59:50","slug":"qui-som","status":"publish","type":"page","link":"https:\/\/consultoriarrels.cat\/esp\/qui-som\/","title":{"rendered":"\u00bfQui\u00e9nes somos?"},"content":{"rendered":"<p>[et_pb_section fb_built=\u201d1\u2033 _builder_version=\u201d4.22.1\u2033 _module_preset=\u201ddefault\u201d background_image=\u201dhttp:\/\/consultoriarrels.cat\/wp-content\/uploads\/2023\/08\/consultoria-persona-treballant-laptop-scaled. jpeg\u201d height=\u201d103vh\u201d custom_margin=\u201d-100px||||false|false\u201d global_colors_info=\u201d{}\u201d][et_pb_row _builder_version=\u201d4.21.0\u2033 _module_preset=\u201ddefault\u201d max_width=\u201d13 \u201d custom_css_main_element=\u201ddisplay: flex;||flex-direction: column;||justify-content: center;\u201d locked=\u201doff\u201d global_colors_info=\u201d{}\u201d][et_pb_column type=\u201d4_4\u2033 _builder_version=\u201d4.21.0\u2033 _module_preset=\u201ddefault\u201d global_colors_info=\u201d{}\u201d][et_pb_text _builder_version=\u201d4.23.\u2033 default\u201d text_font=\u201dPoppins||||||||\u201d text_text_color=\u201d#FFFFFF\u201d text_font_size=\u201d48px\u201d text_line_height=\u201d1em\u201d header_font=\u201dPoppins|||on|||||| header_text_color=\u201d#EAA53E\u201d header_font_size=\u201d26px\u201d global_colors_info=\u201d{}\u201d]<\/p>\n<h1 style=\"text-shadow: 0px 0px 15px rgba(0,0,0,0.5);\">Una consultor\u00eda diferente<\/h1>\n<p><span style=\"text-shadow: 0px 0px 15px rgba(0,0,0,0.5);\">Socia, colaboradora y facilitadora de tu \u00e9xito<\/span>[\/et_pb_text][\/et_pb_column][\/et_pb_row][\/et_pb_section][et_pb_section fb_built=\u201d1\u2033 _builder_version=\u201d4.21.0\u2033 _module_preset=\u201ddefault\u201d background_color=\u201d#fc| false\u201d global_colors_info=\u201d{}\u201d][et_pb_row column_structure=\u201d1_2,1_2\u2033 make_equal=\u201don\u201d _builder_version=\u201d4.23.1\u2033 _module_preset=\u201ddefault\u201d max_width=\u201d1300px\u201d global_colors_info= =\u201d1_2\u2033 _builder_version=\u201d4.21.0\u2033 _module_preset=\u201ddefault\u201d global_colors_info=\u201d{}\u201d][et_pb_text _builder_version=\u201d4.23.1\u2033 _module_preset=\u201ddefault\u201d header_2_font=\u201dRoboto|30 |\u201d header_2_font_size=\u201d42px\u201d custom_margin=\u201d||10px||false|false\u201d locked=\u201doff\u201d global_colors_info=\u201d{}\u201d]<\/p>\n<h2>\u00bfQuien <span style=\"font-weight: 500; font-family: Poppins; color: #c88800\">somos?<\/span><\/h2>\n<p>[\/et_pb_text][et_pb_divider color=\u201d#c88800\u2033 divider_weight=\u201d3px\u201d _builder_version=\u201d4.23.1\u2033 _module_preset=\u201ddefault\u201d width=\u201d20%\u201d module_alignment=\u201dleft\u201d [\/et_pb_divider][et_pb_text _builder_version=\u201d4.23.1\u2033 _module_preset=\u201ddefault\u201d text_font=\u201dPoppins|300||||||||\u201d global_colors_info=\u201d{}\u201d]<\/p>\n<p>En la Consultor\u00eda Arrels estamos <strong>especializados en el asesoramiento y gesti\u00f3n integral para peque\u00f1as y medianas empresas.<\/strong><\/p>\n<p>En un mundo donde lo constante es el cambio\u2026<\/p>\n<p>La adaptaci\u00f3n a \u00e9ste requiere gestionar los enfoques para potenciar su empresa como marca empleadora, fidelizar a su personal, aumentar el prestigio y la reputaci\u00f3n de su organizaci\u00f3n. Hacer una gesti\u00f3n asertiva es nuestro prop\u00f3sito y el mejor camino posible para trascender y dejar huella. Hagamos cosas que antes no se han hecho con el enfoque de g\u00e9nero y diversidad. Destacamos por la calidad de nuestro servicio, solvencia y tecnolog\u00eda totalmente integrada que nos permite desarrollar nuestro trabajo con total garant\u00eda y agilidad hacia nuestros clientes.<\/p>\n<p>Acompa\u00f1amos en la evoluci\u00f3n y optimizaci\u00f3n de las pol\u00edticas de Recursos Humanos desde el \u00e1mbito de la organizaci\u00f3n, las personas y los procesos.<\/p>\n<p>Contamos con la colaboraci\u00f3n de un equipo de expertos profesionales, todos especializados en sus respectivas \u00e1reas de trabajo y en continua actualizaci\u00f3n, lo que nos permite ofrecer un trato personalizado, mediante un asesoramiento cercano y permanente, adapt\u00e1ndonos siempre a las necesidades de nuestros clientes y clientes.<\/p>\n<p>[\/et_pb_text][\/et_pb_column][et_pb_column type=\u201d1_2\u2033 _builder_version=\u201d4.23.1\u2033 _module_preset=\u201ddefault\u201d custom_css_main_element=\u201ddisplay: flex;||flex-direction: column;||justify-content \u201d global_colors_info=\u201d{}\u201d][et_pb_image src=\u201dhttp:\/\/consultoriarrels.cat\/wp-content\/uploads\/2023\/08\/consultoria-posada-en-comu-informes.jpeg\u201d alt=\u201dConsultor\u00eda puesta en com\u00fan de &#039;informes\u201d title_text=\u201dConsultor\u00eda puesta en com\u00fan de informes\u201d _builder_version=\u201d4.27.0\u2033 _module_preset=\u201ddefault\u201d hover_enabled=\u201d0\u2033 global_colors_info=\u201d{}\u201d sticky_enabled=\u201d0\u2033][\/et_pb_image][\/ ][\/et_pb_row][\/et_pb_section][et_pb_section fb_built=\u201d1\u2033 _builder_version=\u201d4.21.0\u2033 _module_preset=\u201ddefault\u201d background_color=\u201d#fcfcfc\u201d custom_padding=\u201d|||| ][et_pb_row _builder_version=\u201d4.23.1\u2033 _module_preset=\u201ddefault\u201d max_width=\u201d1300px\u201d global_colors_info=\u201d{}\u201d][et_pb_column type=\u201d4_4\u2033 _builder_version=\u201d4.21.0= }\u201d][et_pb_text _builder_version=\u201d4.23.1\u2033 _module_preset=\u201ddefault\u201d header_2_font=\u201dRoboto|300||donde|||||\u201d header_2_font_size=\u201d42px\u201d custom_margin=\u201d||10px||false|false\u201d locked=\u201doff\u201d global_colors_info=\u201d{}\u201d]<\/p>\n<h2>Nuestro <span style=\"font-weight: 500; font-family: Poppins; color: #c88800\">equipo<\/span><\/h2>\n<p>[\/et_pb_text][et_pb_divider color=\u201d#c88800\u2033 divider_weight=\u201d3px\u201d _builder_version=\u201d4.23.1\u2033 _module_preset=\u201ddefault\u201d width=\u201d20%\u201d module_alignment=\u201dleft\u201d [\/et_pb_divider][\/et_pb_column][\/et_pb_row][et_pb_row column_structure=\u201d1_2,1_2\u2033 _builder_version=\u201d4.23.1\u2033 _module_preset=\u201ddefault\u201d max_width=\u201d1300px\u201d global_ 1_2\u2033 _builder_version=\u201d4.23.1\u2033 _module_preset=\u201ddefault\u201d global_colors_info=\u201d{}\u201d][et_pb_text _builder_version=\u201d4.23.1\u2033 _module_preset=\u201ddefault\u201d text_font=\u201dPoppins|300|| global_colors_info=\u201d{}\u201d]<\/p>\n<p><strong>Sergi Orge<\/strong><\/p>\n<p>Diplomado en Relaciones Laborales y posgrado en Organizaci\u00f3n y Gesti\u00f3n del Talento, por la Universidad de Barcelona. Colegiado n\u00famero 5087 en el Colegio de Graduados Sociales de Barcelona.<\/p>\n<p>Asesor jur\u00eddico y econ\u00f3mico en materia sociolaboral y empresarial. Experto en relaciones laborales, econom\u00eda laboral y de la empresa, recursos humanos y t\u00e9cnico en organizaci\u00f3n del trabajo y la empresa.<br \/>Especialista en sociolog\u00eda de la empresa y psicolog\u00eda laboral, de la igualdad de oportunidades y la equidad de g\u00e9nero en el \u00e1mbito de las organizaciones.<\/p>\n<p>[\/et_pb_text][\/et_pb_column][et_pb_column type=\u201d1_2\u2033 _builder_version=\u201d4.23.1\u2033 _module_preset=\u201ddefault\u201d global_colors_info=\u201d{}\u201d][et_pb_text _builder_version=\u201d4.23.2\u2033 \u201dPoppins|300|||||||\u201d global_colors_info=\u201d{}\u201d]<\/p>\n<p><strong>Mariam Tunkara i Salicr\u00fa<\/strong><\/p>\n<p>Licenciada en Derecho por la Universidad de Barcelona y posgrado en Igualdad de G\u00e9nero, experta en el desarrollo local y crecimiento integral de las organizaciones.<\/p>\n<p>Asesora en extranjer\u00eda y entendimiento en tramitaciones de la nacionalidad espa\u00f1ola, autorizaciones de residencia, residencia y trabajo, reagrupaciones familiares, renovaciones, arraigos, tarjetas comunitarias y otras autorizaciones.<\/p>\n<p>Consultora de g\u00e9nero. Especialista en la implementaci\u00f3n del principio de igualdad de oportunidades y la equidad de g\u00e9nero en el \u00e1mbito de las organizaciones.<br \/>Especializada en la b\u00fasqueda y gesti\u00f3n de subvenciones para las empresas y en la organizaci\u00f3n y gesti\u00f3n e implementaci\u00f3n de acciones formativas adecuadas a las organizaciones.<\/p>\n<p>[\/et_pb_text][\/et_pb_column][\/et_pb_row][et_pb_row column_structure=\u201d1_2,1_2\u2033 _builder_version=\u201d4.23.1\u2033 _module_preset=\u201ddefault\u201d max_width=\u201d1300px\u201d global_colors 1_2\u2033 _builder_version=\u201d4.23.1\u2033 _module_preset=\u201ddefault\u201d global_colors_info=\u201d{}\u201d][et_pb_image src=\u201dhttp:\/\/consultoriarrels.cat\/wp-content\/uploads\/2023\/11\/Foto_Sergi.png\u201d alt= \u201dSergi Orge\u201d title_text=\u201dSergi Orge\u201d align=\u201dcenter\u201d _builder_version=\u201d4.23.1\u2033 _module_preset=\u201ddefault\u201d width=\u201d300px\u201d global_colors_info=\u201d{}\u201d][\/et_pb_image][\/et_pb_column =\u201d1_2\u2033 _builder_version=\u201d4.23.1\u2033 _module_preset=\u201ddefault\u201d global_colors_info=\u201d{}\u201d][et_pb_image src=\u201dhttp:\/\/consultoriarrels.cat\/wp-content\/uploads\/2023\/11\/Foto_Mariam-scaled. jpeg\u201d alt=\u201dMariam Tunkara y Salicr\u00fa\u201d title_text=\u201dMariam Tunkara y Salicr\u00fa\u201d align=\u201dcenter\u201d _builder_version=\u201d4.23.1\u2033 _module_preset=\u201ddefault\u201d width=\u201d300px\u201d global_colors_info=\u201d{} ][\/et_pb_column][\/et_pb_row][\/et_pb_section][et_pb_section fb_built=\u201d1\u2033 _builder_version=\u201d4.21.0\u2033 _module_preset=\u201ddefault\u201d custom_padding=\u201d||||false|false\u201d_ global [et_pb_row _builder_version=\u201d4.21.0\u2033 _module_preset=\u201ddefault\u201d global_colors_info=\u201d{}\u201d][et_pb_column type=\u201d4_4\u2033 _builder_version=\u201d4.21.0\u2033 _module_preset=\u201ddefault\u201d global_colors_info =\u201d4.21.0\u2033 _module_preset=\u201ddefault\u201d header_2_font=\u201dPoppins|||on|||||\u201d header_2_text_align=\u201dcenter\u201d header_2_font_size=\u201d42px\u201d locked=\u201doff\u201d global_colors_info=\u201d{}\u201d]<\/p>\n<h2>\u00c9tica<\/h2>\n<p>[\/et_pb_text][\/et_pb_column][\/et_pb_row][et_pb_row column_structure=\u201d1_2,1_2\u2033 _builder_version=\u201d4.22.1\u2033 _module_preset=\u201ddefault\u201d max_width=\u201d1300px\u201d|custom_mar| global_colors_info=\u201d{}\u201d][et_pb_column type=\u201d1_2\u2033 _builder_version=\u201d4.21.0\u2033 _module_preset=\u201ddefault\u201d global_colors_info=\u201d{}\u201d][et_pb_text _builder_version=\u201d4.23.1\u2033 _module_pres Roboto|300||donde|||||\u201d header_2_font_size=\u201d42px\u201d custom_margin=\u201d||10px||false|false\u201d locked=\u201doff\u201d global_colors_info=\u201d{}\u201d]<\/p>\n<h2>Nuestra <span style=\"font-weight: 500; font-family: Poppins; color: #c88800\">misi\u00f3n<\/span><\/h2>\n<p>[\/et_pb_text][et_pb_divider color=\u201d#c88800\u2033 divider_weight=\u201d3px\u201d _builder_version=\u201d4.23.1\u2033 _module_preset=\u201ddefault\u201d width=\u201d20%\u201d module_alignment=\u201dleft\u201d [\/et_pb_divider][et_pb_text _builder_version=\u201d4.23.1\u2033 _module_preset=\u201ddefault\u201d text_font=\u201dPoppins|300||||||||\u201d global_colors_info=\u201d{}\u201d]<\/p>\n<p>Arrels tiene unas se\u00f1as de identidad claras y s\u00f3lidamente establecidas, que se proyectan tanto en el \u00e1mbito interno como en la relaci\u00f3n con los terceros, y que se basan en el compromiso de calidad y profesionalidad, confidencialidad y respeto a la dignidad, a la integridad de las personas y los derechos humanos. Queremos transmitir estos valores y trabajo a cada una de las empresas que est\u00e9n con nosotros.<\/p>\n<p>Somos una consultora equitativa y especializada en talento. Esto es, fomentar el crecimiento de la sociedad ayudando a las personas y organizaciones a alcanzar su verdadero potencial.<\/p>\n<p>[\/et_pb_text][\/et_pb_column][et_pb_column type=\u201d1_2\u2033 _builder_version=\u201d4.21.0\u2033 _module_preset=\u201ddefault\u201d global_colors_info=\u201d{}\u201d][et_pb_image src=\u201dhttp:\/\/consultoriarrels.cat\/wp \/uploads\/2023\/08\/consultoria-contabilitat-scaled.jpeg\u201d alt=\u201dConsultor\u00eda an\u00e1lisis de la contabilidad\u201d title_text=\u201dConsultor\u00eda an\u00e1lisis de la contabilidad\u201d _builder_version=\u201d4.27.0\u2033 _module_preset=\u201ddefault\u201d hover_enabled=\u201d global_colors_info=\u201d{}\u201d sticky_enabled=\u201d0\u2033][\/et_pb_image][\/et_pb_column][\/et_pb_row][et_pb_row column_structure=\u201d1_2,1_2\u2033 disabled_on=\u201doff|off|off\u201d _builder_version=\u201d4.2 =\u201ddefault\u201d max_width=\u201d1300px\u201d custom_margin=\u201d||70px||false|false\u201d custom_css_main_element=\u201ddisplay: flex;||flex-wrap: wrap;\u201d global_colors_info=\u201d{}\u201d][et_pb_column type=\u201d1_2\u2033 _builder_version=\u201d4.25.1\u2033 _module_preset=\u201ddefault\u201d global_colors_info=\u201d{}\u201d custom_css_main_element_last_edited=\u201don|phone\u201d custom_css_main src=\u201dhttp:\/\/consultoriarrels.cat\/wp-content\/uploads\/2023\/08\/consultors-empresarials-tancant-un-acord-scaled.jpeg\u201d alt=\u201dConsultores empresariales\u201d title_text=\u201dConsultores empresariales\u201d _builder_version=\u201d 4.27.0\u2033 _module_preset=\u201ddefault\u201d custom_padding_tablet=\u201d\u201d custom_padding_phone=\u201d35px||||false|false\u201d custom_padding_last_edited=\u201don|phone\u201d hover_enabled=\u201d0\u2033 global_colors_info=\u201d{}\u201d stick \/et_pb_image][\/et_pb_column][et_pb_column type=\u201d1_2\u2033 _builder_version=\u201d4.21.0\u2033 _module_preset=\u201ddefault\u201d global_colors_info=\u201d{}\u201d][et_pb_text _builder_version=\u201d4.23.1\u2033 _ Roboto|300||donde|||||\u201d header_2_font_size=\u201d42px\u201d custom_margin=\u201d||10px||false|false\u201d locked=\u201doff\u201d global_colors_info=\u201d{}\u201d]<\/p>\n<h2>Nuestros <span style=\"font-weight: 500; font-family: Poppins; color: #c88800\">valores<\/span><\/h2>\n<p>[\/et_pb_text][et_pb_divider color=\u201d#c88800\u2033 divider_weight=\u201d3px\u201d _builder_version=\u201d4.23.1\u2033 _module_preset=\u201ddefault\u201d width=\u201d20%\u201d module_alignment=\u201dleft\u201d [\/et_pb_divider][et_pb_text _builder_version=\u201d4.23.1\u2033 _module_preset=\u201ddefault\u201d text_font=\u201dPoppins|300||||||||\u201d global_colors_info=\u201d{}\u201d]Somos fieles a nuestros valores fundamentales y actuamos siempre de acuerdo con ellos: conocer, servir y confiar, esforz\u00e1ndonos por lograr la perfecci\u00f3n y la promoci\u00f3n simult\u00e1nea de todos los intereses. Nuestros valores conforman nuestra cultura. Nos ayudan a evolucionar, crecer y servir mejor a nuestros clientes y clientes, las personas candidatas y otras partes interesadas.<\/p>\n<p>En nuestro trabajo, los detalles son, a menudo, lo que m\u00e1s cuenta.[\/et_pb_text][\/et_pb_column][\/et_pb_row][\/et_pb_section]<\/p>","protected":false},"excerpt":{"rendered":"<p>Una consultor\u00eda diferente Socia, colaboradora y facilitadora de tu \u00e9xito \u00bfQui\u00e9nes somos? En la Consultor\u00eda Arrels estamos especializados en el asesoramiento y la gesti\u00f3n integral para peque\u00f1as y medianas empresas. En un mundo donde lo que es constante es el cambio\u2026 La adaptaci\u00f3n al mismo requiere gestionar los enfoques para potenciar su empresa como marca empleadora, [\u2026]<\/p>","protected":false},"author":1,"featured_media":0,"parent":0,"menu_order":0,"comment_status":"closed","ping_status":"closed","template":"","meta":{"_et_pb_use_builder":"on","_et_pb_old_content":"","_et_gb_content_width":"","footnotes":""},"class_list":["post-349","page","type-page","status-publish","hentry"],"yoast_head":"<!-- This site is optimized with the Yoast SEO plugin v26.4 - https:\/\/yoast.com\/wordpress\/plugins\/seo\/ -->\n<title>Qui som? - Consultoria Arrels<\/title>\n<meta name=\"description\" content=\"Coneix als nostres professionals. En Sergi Orge i la Mariam Tunkara i Salicr\u00fa t&#039;acompanyaran en la gesti\u00f3 del teu negoci.\" \/>\n<meta name=\"robots\" content=\"index, follow, max-snippet:-1, max-image-preview:large, max-video-preview:-1\" \/>\n<link rel=\"canonical\" href=\"https:\/\/consultoriarrels.cat\/esp\/qui-som\/\" \/>\n<meta property=\"og:locale\" content=\"es_ES\" \/>\n<meta property=\"og:type\" content=\"article\" \/>\n<meta property=\"og:title\" content=\"Qui som? - Consultoria Arrels\" \/>\n<meta property=\"og:description\" content=\"Coneix als nostres professionals. En Sergi Orge i la Mariam Tunkara i Salicr\u00fa t&#039;acompanyaran en la gesti\u00f3 del teu negoci.\" \/>\n<meta property=\"og:url\" content=\"https:\/\/consultoriarrels.cat\/esp\/qui-som\/\" \/>\n<meta property=\"og:site_name\" content=\"Consultoria Arrels\" \/>\n<meta property=\"article:modified_time\" content=\"2024-08-07T13:59:50+00:00\" \/>\n<meta name=\"twitter:card\" content=\"summary_large_image\" \/>\n<meta name=\"twitter:label1\" content=\"Tiempo de lectura\" \/>\n\t<meta name=\"twitter:data1\" content=\"4 minutos\" \/>\n<script type=\"application\/ld+json\" class=\"yoast-schema-graph\">{\"@context\":\"https:\/\/schema.org\",\"@graph\":[{\"@type\":\"WebPage\",\"@id\":\"https:\/\/consultoriarrels.cat\/qui-som\/\",\"url\":\"https:\/\/consultoriarrels.cat\/qui-som\/\",\"name\":\"Qui som? - Consultoria Arrels\",\"isPartOf\":{\"@id\":\"https:\/\/consultoriarrels.cat\/#website\"},\"datePublished\":\"2023-08-02T12:29:11+00:00\",\"dateModified\":\"2024-08-07T13:59:50+00:00\",\"description\":\"Coneix als nostres professionals. En Sergi Orge i la Mariam Tunkara i Salicr\u00fa t'acompanyaran en la gesti\u00f3 del teu negoci.\",\"breadcrumb\":{\"@id\":\"https:\/\/consultoriarrels.cat\/qui-som\/#breadcrumb\"},\"inLanguage\":\"es\",\"potentialAction\":[{\"@type\":\"ReadAction\",\"target\":[\"https:\/\/consultoriarrels.cat\/qui-som\/\"]}]},{\"@type\":\"BreadcrumbList\",\"@id\":\"https:\/\/consultoriarrels.cat\/qui-som\/#breadcrumb\",\"itemListElement\":[{\"@type\":\"ListItem\",\"position\":1,\"name\":\"Inici\",\"item\":\"https:\/\/consultoriarrels.cat\/\"},{\"@type\":\"ListItem\",\"position\":2,\"name\":\"Qui som?\"}]},{\"@type\":\"WebSite\",\"@id\":\"https:\/\/consultoriarrels.cat\/#website\",\"url\":\"https:\/\/consultoriarrels.cat\/\",\"name\":\"Consultoria Arrels\",\"description\":\"T&#039;acompanyem en tot moment\",\"publisher\":{\"@id\":\"https:\/\/consultoriarrels.cat\/#organization\"},\"potentialAction\":[{\"@type\":\"SearchAction\",\"target\":{\"@type\":\"EntryPoint\",\"urlTemplate\":\"https:\/\/consultoriarrels.cat\/?s={search_term_string}\"},\"query-input\":{\"@type\":\"PropertyValueSpecification\",\"valueRequired\":true,\"valueName\":\"search_term_string\"}}],\"inLanguage\":\"es\"},{\"@type\":\"Organization\",\"@id\":\"https:\/\/consultoriarrels.cat\/#organization\",\"name\":\"Consultoria Arrels\",\"url\":\"https:\/\/consultoriarrels.cat\/\",\"logo\":{\"@type\":\"ImageObject\",\"inLanguage\":\"es\",\"@id\":\"https:\/\/consultoriarrels.cat\/#\/schema\/logo\/image\/\",\"url\":\"http:\/\/consultoriarrels.cat\/wp-content\/uploads\/2023\/08\/consultoria_arrels_0021.png\",\"contentUrl\":\"http:\/\/consultoriarrels.cat\/wp-content\/uploads\/2023\/08\/consultoria_arrels_0021.png\",\"width\":132,\"height\":132,\"caption\":\"Consultoria Arrels\"},\"image\":{\"@id\":\"https:\/\/consultoriarrels.cat\/#\/schema\/logo\/image\/\"}}]}<\/script>\n<!-- \/ Yoast SEO plugin. -->","yoast_head_json":{"title":"\u00bfQui\u00e9nes somos? - Consultor\u00eda Arrels","description":"Conoce a nuestros profesionales. Sergi Orge y Mariam Tunkara y Salicr\u00fa te acompa\u00f1ar\u00e1n en la gesti\u00f3n de tu negocio.","robots":{"index":"index","follow":"follow","max-snippet":"max-snippet:-1","max-image-preview":"max-image-preview:large","max-video-preview":"max-video-preview:-1"},"canonical":"https:\/\/consultoriarrels.cat\/esp\/qui-som\/","og_locale":"es_ES","og_type":"article","og_title":"Qui som? - Consultoria Arrels","og_description":"Coneix als nostres professionals. En Sergi Orge i la Mariam Tunkara i Salicr\u00fa t'acompanyaran en la gesti\u00f3 del teu negoci.","og_url":"https:\/\/consultoriarrels.cat\/esp\/qui-som\/","og_site_name":"Consultoria Arrels","article_modified_time":"2024-08-07T13:59:50+00:00","twitter_card":"summary_large_image","twitter_misc":{"Tiempo de lectura":"4 minutos"},"schema":{"@context":"https:\/\/schema.org","@graph":[{"@type":"WebPage","@id":"https:\/\/consultoriarrels.cat\/qui-som\/","url":"https:\/\/consultoriarrels.cat\/qui-som\/","name":"\u00bfQui\u00e9nes somos? - Consultor\u00eda Arrels","isPartOf":{"@id":"https:\/\/consultoriarrels.cat\/#website"},"datePublished":"2023-08-02T12:29:11+00:00","dateModified":"2024-08-07T13:59:50+00:00","description":"Conoce a nuestros profesionales. Sergi Orge y Mariam Tunkara y Salicr\u00fa te acompa\u00f1ar\u00e1n en la gesti\u00f3n de tu negocio.","breadcrumb":{"@id":"https:\/\/consultoriarrels.cat\/qui-som\/#breadcrumb"},"inLanguage":"es","potentialAction":[{"@type":"ReadAction","target":["https:\/\/consultoriarrels.cat\/qui-som\/"]}]},{"@type":"BreadcrumbList","@id":"https:\/\/consultoriarrels.cat\/qui-som\/#breadcrumb","itemListElement":[{"@type":"ListItem","position":1,"name":"Inici","item":"https:\/\/consultoriarrels.cat\/"},{"@type":"ListItem","position":2,"name":"Qui som?"}]},{"@type":"WebSite","@id":"https:\/\/consultoriarrels.cat\/#website","url":"https:\/\/consultoriarrels.cat\/","name":"Consultor\u00eda Arrels","description":"T&#039;acompa\u00f1amos en todo momento","publisher":{"@id":"https:\/\/consultoriarrels.cat\/#organization"},"potentialAction":[{"@type":"SearchAction","target":{"@type":"EntryPoint","urlTemplate":"https:\/\/consultoriarrels.cat\/?s={search_term_string}"},"query-input":{"@type":"PropertyValueSpecification","valueRequired":true,"valueName":"search_term_string"}}],"inLanguage":"es"},{"@type":"Organization","@id":"https:\/\/consultoriarrels.cat\/#organization","name":"Consultor\u00eda Arrels","url":"https:\/\/consultoriarrels.cat\/","logo":{"@type":"ImageObject","inLanguage":"es","@id":"https:\/\/consultoriarrels.cat\/#\/schema\/logo\/image\/","url":"http:\/\/consultoriarrels.cat\/wp-content\/uploads\/2023\/08\/consultoria_arrels_0021.png","contentUrl":"http:\/\/consultoriarrels.cat\/wp-content\/uploads\/2023\/08\/consultoria_arrels_0021.png","width":132,"height":132,"caption":"Consultoria Arrels"},"image":{"@id":"https:\/\/consultoriarrels.cat\/#\/schema\/logo\/image\/"}}]}},"_links":{"self":[{"href":"https:\/\/consultoriarrels.cat\/esp\/wp-json\/wp\/v2\/pages\/349","targetHints":{"allow":["GET"]}}],"collection":[{"href":"https:\/\/consultoriarrels.cat\/esp\/wp-json\/wp\/v2\/pages"}],"about":[{"href":"https:\/\/consultoriarrels.cat\/esp\/wp-json\/wp\/v2\/types\/page"}],"author":[{"embeddable":true,"href":"https:\/\/consultoriarrels.cat\/esp\/wp-json\/wp\/v2\/users\/1"}],"replies":[{"embeddable":true,"href":"https:\/\/consultoriarrels.cat\/esp\/wp-json\/wp\/v2\/comments?post=349"}],"version-history":[{"count":66,"href":"https:\/\/consultoriarrels.cat\/esp\/wp-json\/wp\/v2\/pages\/349\/revisions"}],"predecessor-version":[{"id":2242,"href":"https:\/\/consultoriarrels.cat\/esp\/wp-json\/wp\/v2\/pages\/349\/revisions\/2242"}],"wp:attachment":[{"href":"https:\/\/consultoriarrels.cat\/esp\/wp-json\/wp\/v2\/media?parent=349"}],"curies":[{"name":"wp","href":"https:\/\/api.w.org\/{rel}","templated":true}]}}